{"id":2,"date":"2018-02-01T13:20:51","date_gmt":"2018-02-01T18:20:51","guid":{"rendered":"https:\/\/courtierpharma.com\/?page_id=2"},"modified":"2023-10-18T13:25:54","modified_gmt":"2023-10-18T17:25:54","slug":"equipe-2","status":"publish","type":"page","link":"https:\/\/courtierpharma.com\/fr\/equipe-2\/","title":{"rendered":"Notre \u00c9quipe"},"content":{"rendered":"\n\n\t\t\t\t<img loading=\"lazy\" decoding=\"async\" src=\"https:\/\/courtierpharma.com\/wp-content\/uploads\/2018\/04\/seminar-594125_1920.jpg\" alt=\"Courtier Pharma - \u00c0 Propos\" itemprop=\"image\" height=\"1280\" width=\"1920\" title=\"Courtier Pharma - \u00c0 Propos\" onerror=\"this.style.display='none'\"  \/>\n\t<h3>Historique:<\/h3>\n<p><a href=\"http:\/\/www.courtierpharma.com\">Courtier Pharma <\/a>est n\u00e9 en 2012 par l&rsquo;association de trois repr\u00e9sentants exp\u00e9riment\u00e9s: Jimmy Tardif, Michel St-Pierre et Yan Labont\u00e9. \u00a0En 2014, Daniel Leblanc se joint \u00e0 Courtier Pharma. Fort de cette nouvelle association et suite aux demandes de nombreux clients, ils cr\u00e9ent en 2016 Groupe Pharma, une division en distribution. En 2023, Daniel Leblanc se retire et 2 nouveaux associ\u00e9s, Mathieu V\u00e9zina et Josiane Perras, int\u00e8grent la structure.<\/p>\n<p>Comptant plusieurs ann\u00e9es d&rsquo;exp\u00e9riences en pharmacies, ils ont su construire une \u00e9quipe qui repr\u00e9sente bien le courtage et les besoins d&rsquo;aujourd&rsquo;hui.<\/p>\n\t<p><a href=\"http:\/\/www.courtierpharma.com\">Courtier Pharma<\/a> est un regroupement de 9 repr\u00e9sentants en pharmacie qui sillonnent tout le Qu\u00e9bec ainsi que les territoires francophones de l&rsquo;Ontario et du Nouveau Brunswick, pour mettre vos produits en premi\u00e8re place.<\/p>\n<p>Le regroupement <a href=\"http:\/\/www.courtierpharma.com\">Courtier Pharma<\/a> repr\u00e9sente plusieurs compagnies dont <a href=\"http:\/\/www.purnoisetier.com\">Pur Noisetier<\/a>, <a href=\"http:\/\/www.bekebobo.com\">Bek\u00e9-Bobo<\/a>, <a href=\"http:\/\/www.genacol.ca\">Genacol<\/a>,\u00a0<a href=\"http:\/\/www.arthriplus.com\">Athri-Plus<\/a>, <a href=\"http:\/\/www.emudundee.com\">Emu Dundee<\/a>, <a href=\"http:\/\/www.heloiselab.com\">Citrobug<\/a> ,\u00a0<a href=\"http:\/\/www.bontedistribution.com\">Bont\u00e9 Distribution<\/a>, <a href=\"https:\/\/www.jimmysevigny.com\" target=\"_blank\" rel=\"noopener\">Jimmy S\u00e9vigny<\/a>, <a href=\"https:\/\/yummysport.com\" target=\"_blank\" rel=\"noopener\">Yummy Sports<\/a>, <a href=\"https:\/\/landart.ca\" target=\"_blank\" rel=\"noopener\">Landart<\/a> et ce dans toutes les \u00a0grandes cha\u00eenes de pharmacie telles que Jean Coutu, Acc\u00e8s Pharma (Wal Mart), Proxim, Uniprix, Familiprix, Brunet, Pharmaprix.<\/p>\n<p>Un service fiable, professionnel et ponctuel avec des visites en pharmacie \u00e0 tous les 4,6,8,10 et 12 semaines. \u00a0M\u00eames les r\u00e9gions \u00e9loign\u00e9es sont visit\u00e9es 4 fois par ann\u00e9e, ce qui permet une meilleure visibilit\u00e9 et un contact plus humain avec la client\u00e8le. <\/p>\n\t<h3>Notre \u00c9quipe<\/h3>\n<p>En t\u00eate de ce regroupement vous retrouvez les trois associ\u00e9s de\u00a0Courtier Pharma\u00a0qui se d\u00e9marquent par plusieurs mentions et ann\u00e9es d&rsquo;exp\u00e9rience :<\/p>\n\t\t<h3><a href=\"mailto:info@courtierpharma.com\" target=\"_self\" rel=\"noopener\">Jimmy Tardif<\/a><\/h3>\t\t\n\t\t\t<p><em>Associ\u00e9, <\/em><\/p>\n<p><em>Courtier en Pharmacie<\/em><\/p>\n<h3><a href=\"tel:4508880120\">(450) 888-0120<\/a><\/h3>\n\t\t\t<a href=\"mailto:info@courtierpharma.com\" target=\"_self\" rel=\"noopener\">\n\t\t\t\t\t\t\tCourriel\n\t\t\t\t\t<\/a>\n\t\t<h3><a href=\"mailto:info@courtierpharma.com\" target=\"_self\" rel=\"noopener\">Michel St-Pierre<\/a><\/h3>\t\t\n\t\t\t<p><em>Associ\u00e9,<\/em><\/p>\n<p>Courtier en Pharmacie<\/p>\n<h3><a href=\"tel:4182658829\">(418) 265-8829<\/a><\/h3>\n\t\t\t<a href=\"mailto:info@courtierpharma.com\" target=\"_self\" rel=\"noopener\">\n\t\t\t\t\t\t\tCourriel\n\t\t\t\t\t<\/a>\n\t\t<h3><a href=\"mailto:info@courtierpharma.com\" target=\"_self\" rel=\"noopener\">Yan Labont\u00e9<\/a><\/h3>\t\t\n\t\t\t<p><em>Associ\u00e9,<\/em><\/p>\n<p>Courtier en Pharmacie<\/p>\n<h3><a href=\"tel:5149130882\">(514) 913-0882<\/a><\/h3>\n\t\t\t<a href=\"mailto:info@courtierpharma.com\" target=\"_self\" rel=\"noopener\">\n\t\t\t\t\t\t\tCourriel\n\t\t\t\t\t<\/a>\n\t\t<h3>Parlez \u00e0 un repr\u00e9sentant<\/h3>\n\t\t\t<a href=\"https:\/\/courtierpharma.com\/fr\/contact\/\" target=\"_self\" rel=\"noopener\">\n\t\t\t\t\t\t\tContact\n\t\t\t\t\t<\/a>\n\n","protected":false},"excerpt":{"rendered":"<p>Historique: Courtier Pharma est n\u00e9 en 2012 par l&rsquo;association de trois repr\u00e9sentants exp\u00e9riment\u00e9s: Jimmy Tardif, Michel St-Pierre et Yan Labont\u00e9.&hellip;<\/p>\n","protected":false},"author":1,"featured_media":0,"parent":0,"menu_order":0,"comment_status":"closed","ping_status":"closed","template":"","meta":{"footnotes":""},"class_list":["post-2","page","type-page","status-publish","hentry"],"_links":{"self":[{"href":"https:\/\/courtierpharma.com\/fr\/wp-json\/wp\/v2\/pages\/2","targetHints":{"allow":["GET"]}}],"collection":[{"href":"https:\/\/courtierpharma.com\/fr\/wp-json\/wp\/v2\/pages"}],"about":[{"href":"https:\/\/courtierpharma.com\/fr\/wp-json\/wp\/v2\/types\/page"}],"author":[{"embeddable":true,"href":"https:\/\/courtierpharma.com\/fr\/wp-json\/wp\/v2\/users\/1"}],"replies":[{"embeddable":true,"href":"https:\/\/courtierpharma.com\/fr\/wp-json\/wp\/v2\/comments?post=2"}],"version-history":[{"count":5,"href":"https:\/\/courtierpharma.com\/fr\/wp-json\/wp\/v2\/pages\/2\/revisions"}],"predecessor-version":[{"id":673,"href":"https:\/\/courtierpharma.com\/fr\/wp-json\/wp\/v2\/pages\/2\/revisions\/673"}],"wp:attachment":[{"href":"https:\/\/courtierpharma.com\/fr\/wp-json\/wp\/v2\/media?parent=2"}],"curies":[{"name":"wp","href":"https:\/\/api.w.org\/{rel}","templated":true}]}}